{"id":600,"date":"2022-06-07T11:21:12","date_gmt":"2022-06-07T09:21:12","guid":{"rendered":"https:\/\/jodykorbach.de\/werk\/?page_id=600"},"modified":"2025-02-07T09:43:41","modified_gmt":"2025-02-07T08:43:41","slug":"exhibitions","status":"publish","type":"page","link":"https:\/\/jodykorbach.de\/werk\/exhibitions\/","title":{"rendered":"EXHIBITIONS"},"content":{"rendered":"\t\t<div data-elementor-type=\"wp-page\" data-elementor-id=\"600\" class=\"elementor elementor-600\" data-elementor-post-type=\"page\">\n\t\t\t\t\t\t<section class=\"elementor-section elementor-top-section elementor-element elementor-element-205d71f elementor-section-boxed elementor-section-height-default elementor-section-height-default\" data-id=\"205d71f\" data-element_type=\"section\" data-e-type=\"section\">\n\t\t\t\t\t\t<div class=\"elementor-container elementor-column-gap-default\">\n\t\t\t\t\t<div class=\"elementor-column elementor-col-100 elementor-top-column elementor-element elementor-element-3a86d79\" data-id=\"3a86d79\" data-element_type=\"column\" data-e-type=\"column\">\n\t\t\t<div class=\"elementor-widget-wrap elementor-element-populated\">\n\t\t\t\t\t\t<div class=\"elementor-element elementor-element-5cdb768 elementor-grid-3 elementor-grid-tablet-2 elementor-grid-mobile-1 elementor-posts--thumbnail-top elementor-widget elementor-widget-posts\" data-id=\"5cdb768\" data-element_type=\"widget\" data-e-type=\"widget\" data-settings=\"{&quot;classic_columns&quot;:&quot;3&quot;,&quot;classic_columns_tablet&quot;:&quot;2&quot;,&quot;classic_columns_mobile&quot;:&quot;1&quot;,&quot;classic_row_gap&quot;:{&quot;unit&quot;:&quot;px&quot;,&quot;size&quot;:35,&quot;sizes&quot;:[]},&quot;classic_row_gap_tablet&quot;:{&quot;unit&quot;:&quot;px&quot;,&quot;size&quot;:&quot;&quot;,&quot;sizes&quot;:[]},&quot;classic_row_gap_mobile&quot;:{&quot;unit&quot;:&quot;px&quot;,&quot;size&quot;:&quot;&quot;,&quot;sizes&quot;:[]}}\" data-widget_type=\"posts.classic\">\n\t\t\t\t<div class=\"elementor-widget-container\">\n\t\t\t\t\t\t\t<div class=\"elementor-posts-container elementor-posts elementor-posts--skin-classic elementor-grid\">\n\t\t\t\t<article class=\"elementor-post elementor-grid-item post-1512 post type-post status-publish format-standard has-post-thumbnail hentry category-solo\">\n\t\t\t\t<a class=\"elementor-post__thumbnail__link\" href=\"https:\/\/jodykorbach.de\/werk\/2025\/06\/06\/ausunserenfeuern\/\" tabindex=\"-1\" >\n\t\t\t<div class=\"elementor-post__thumbnail\"><img fetchpriority=\"high\" decoding=\"async\" width=\"525\" height=\"394\" src=\"https:\/\/jodykorbach.de\/wp-content\/uploads\/2025\/09\/Jody-Korbach_Aus-unseren-Feuern_2025_Tamara-Lorenz_Courtesy-of-the-artist-and-MARTINETZ-Cologne-II-1024x769.jpg\" class=\"attachment-large size-large wp-image-1549\" alt=\"\" srcset=\"https:\/\/jodykorbach.de\/wp-content\/uploads\/2025\/09\/Jody-Korbach_Aus-unseren-Feuern_2025_Tamara-Lorenz_Courtesy-of-the-artist-and-MARTINETZ-Cologne-II-1024x769.jpg 1024w, https:\/\/jodykorbach.de\/wp-content\/uploads\/2025\/09\/Jody-Korbach_Aus-unseren-Feuern_2025_Tamara-Lorenz_Courtesy-of-the-artist-and-MARTINETZ-Cologne-II-300x225.jpg 300w, https:\/\/jodykorbach.de\/wp-content\/uploads\/2025\/09\/Jody-Korbach_Aus-unseren-Feuern_2025_Tamara-Lorenz_Courtesy-of-the-artist-and-MARTINETZ-Cologne-II-768x576.jpg 768w, https:\/\/jodykorbach.de\/wp-content\/uploads\/2025\/09\/Jody-Korbach_Aus-unseren-Feuern_2025_Tamara-Lorenz_Courtesy-of-the-artist-and-MARTINETZ-Cologne-II-1536x1153.jpg 1536w, https:\/\/jodykorbach.de\/wp-content\/uploads\/2025\/09\/Jody-Korbach_Aus-unseren-Feuern_2025_Tamara-Lorenz_Courtesy-of-the-artist-and-MARTINETZ-Cologne-II-2048x1537.jpg 2048w\" sizes=\"(max-width: 525px) 100vw, 525px\" \/><\/div>\n\t\t<\/a>\n\t\t\t\t<div class=\"elementor-post__text\">\n\t\t\t\t<h3 class=\"elementor-post__title\">\n\t\t\t<a href=\"https:\/\/jodykorbach.de\/werk\/2025\/06\/06\/ausunserenfeuern\/\" >\n\t\t\t\t&#8220;Aus unseren Feuern&#8221; Galerie Martinetz &#8211; K\u00f6ln\t\t\t<\/a>\n\t\t<\/h3>\n\t\t\t\t<div class=\"elementor-post__meta-data\">\n\t\t\t\t\t<span class=\"elementor-post-date\">\n\t\t\t6. Juni 2025\t\t<\/span>\n\t\t\t\t<\/div>\n\t\t\t\t<div class=\"elementor-post__excerpt\">\n\t\t\t<p>Einzelausstellung 06.06.-30.07.2025 Als der K\u00fcnstler Reinhard Dietrich im Jahr 1979 einen Hausgiebel in der neu errichteten Rostocker Gro\u00dfwohnsiedlung Lichtenhagen gestaltete, konnte er nicht ahnen, dass<\/p>\n\t\t<\/div>\n\t\t\n\t\t<a class=\"elementor-post__read-more\" href=\"https:\/\/jodykorbach.de\/werk\/2025\/06\/06\/ausunserenfeuern\/\" aria-label=\"Mehr \u00fcber &#8220;Aus unseren Feuern&#8221; Galerie Martinetz &#8211; K\u00f6ln\" tabindex=\"-1\" >\n\t\t\t\t\t<\/a>\n\n\t\t\t\t<\/div>\n\t\t\t\t<\/article>\n\t\t\t\t<article class=\"elementor-post elementor-grid-item post-1364 post type-post status-publish format-standard has-post-thumbnail hentry category-group\">\n\t\t\t\t<a class=\"elementor-post__thumbnail__link\" href=\"https:\/\/jodykorbach.de\/werk\/2024\/10\/18\/soft-targets\/\" tabindex=\"-1\" >\n\t\t\t<div class=\"elementor-post__thumbnail\"><img decoding=\"async\" width=\"525\" height=\"394\" src=\"https:\/\/jodykorbach.de\/wp-content\/uploads\/2025\/01\/photo_8_2025-01-12_14-46-09-1024x768.jpg\" class=\"attachment-large size-large wp-image-1377\" alt=\"\" srcset=\"https:\/\/jodykorbach.de\/wp-content\/uploads\/2025\/01\/photo_8_2025-01-12_14-46-09-1024x768.jpg 1024w, https:\/\/jodykorbach.de\/wp-content\/uploads\/2025\/01\/photo_8_2025-01-12_14-46-09-300x225.jpg 300w, https:\/\/jodykorbach.de\/wp-content\/uploads\/2025\/01\/photo_8_2025-01-12_14-46-09-768x576.jpg 768w, https:\/\/jodykorbach.de\/wp-content\/uploads\/2025\/01\/photo_8_2025-01-12_14-46-09.jpg 1280w\" sizes=\"(max-width: 525px) 100vw, 525px\" \/><\/div>\n\t\t<\/a>\n\t\t\t\t<div class=\"elementor-post__text\">\n\t\t\t\t<h3 class=\"elementor-post__title\">\n\t\t\t<a href=\"https:\/\/jodykorbach.de\/werk\/2024\/10\/18\/soft-targets\/\" >\n\t\t\t\tSoft Targets\t\t\t<\/a>\n\t\t<\/h3>\n\t\t\t\t<div class=\"elementor-post__meta-data\">\n\t\t\t\t\t<span class=\"elementor-post-date\">\n\t\t\t18. Oktober 2024\t\t<\/span>\n\t\t\t\t<\/div>\n\t\t\t\t<div class=\"elementor-post__excerpt\">\n\t\t\t<p>Gruppenausstellung in der Galerie MARTINETZ, K\u00f6ln[English below] Jonas H\u00f6schlIRWINJody Korbach 18.10.-30.11.2024FINISSAGE mit K\u00fcnstlergespr\u00e4ch 30.11. | 16 Uhr Im Dezember 1915 wurde in einer St. Petersburger<\/p>\n\t\t<\/div>\n\t\t\n\t\t<a class=\"elementor-post__read-more\" href=\"https:\/\/jodykorbach.de\/werk\/2024\/10\/18\/soft-targets\/\" aria-label=\"Mehr \u00fcber Soft Targets\" tabindex=\"-1\" >\n\t\t\t\t\t<\/a>\n\n\t\t\t\t<\/div>\n\t\t\t\t<\/article>\n\t\t\t\t<article class=\"elementor-post elementor-grid-item post-1151 post type-post status-publish format-standard has-post-thumbnail hentry category-solo\">\n\t\t\t\t<a class=\"elementor-post__thumbnail__link\" href=\"https:\/\/jodykorbach.de\/werk\/2024\/04\/27\/ein-loch-ist-ein-loch-niemals-geht-man-so-ganz-oder-ueber-die-unmoeglichkeit-anzukommen\/\" tabindex=\"-1\" >\n\t\t\t<div class=\"elementor-post__thumbnail\"><img decoding=\"async\" width=\"525\" height=\"393\" src=\"https:\/\/jodykorbach.de\/wp-content\/uploads\/2024\/04\/giessen_kv_doku_mai2024_13-1024x767.jpg\" class=\"attachment-large size-large wp-image-1210\" alt=\"\" srcset=\"https:\/\/jodykorbach.de\/wp-content\/uploads\/2024\/04\/giessen_kv_doku_mai2024_13-1024x767.jpg 1024w, https:\/\/jodykorbach.de\/wp-content\/uploads\/2024\/04\/giessen_kv_doku_mai2024_13-300x225.jpg 300w, https:\/\/jodykorbach.de\/wp-content\/uploads\/2024\/04\/giessen_kv_doku_mai2024_13-768x575.jpg 768w, https:\/\/jodykorbach.de\/wp-content\/uploads\/2024\/04\/giessen_kv_doku_mai2024_13-1536x1150.jpg 1536w, https:\/\/jodykorbach.de\/wp-content\/uploads\/2024\/04\/giessen_kv_doku_mai2024_13-2048x1534.jpg 2048w\" sizes=\"(max-width: 525px) 100vw, 525px\" \/><\/div>\n\t\t<\/a>\n\t\t\t\t<div class=\"elementor-post__text\">\n\t\t\t\t<h3 class=\"elementor-post__title\">\n\t\t\t<a href=\"https:\/\/jodykorbach.de\/werk\/2024\/04\/27\/ein-loch-ist-ein-loch-niemals-geht-man-so-ganz-oder-ueber-die-unmoeglichkeit-anzukommen\/\" >\n\t\t\t\tEin Loch ist ein Loch &#8211; Niemals geht man so ganz, oder \u00fcber die Unm\u00f6glichkeit anzukommen.\t\t\t<\/a>\n\t\t<\/h3>\n\t\t\t\t<div class=\"elementor-post__meta-data\">\n\t\t\t\t\t<span class=\"elementor-post-date\">\n\t\t\t27. April 2024\t\t<\/span>\n\t\t\t\t<\/div>\n\t\t\t\t<div class=\"elementor-post__excerpt\">\n\t\t\t<p>Einzelausstellung 27.04.-08.06.2024ER\u00d6FFNUNG 27.04. | 18 Uhr Ein Loch ist ein Loch &#8211; Niemals geht man so ganz, oder \u00fcber die Unm\u00f6glichkeit anzukommen. Heimat muss man<\/p>\n\t\t<\/div>\n\t\t\n\t\t<a class=\"elementor-post__read-more\" href=\"https:\/\/jodykorbach.de\/werk\/2024\/04\/27\/ein-loch-ist-ein-loch-niemals-geht-man-so-ganz-oder-ueber-die-unmoeglichkeit-anzukommen\/\" aria-label=\"Mehr \u00fcber Ein Loch ist ein Loch &#8211; Niemals geht man so ganz, oder \u00fcber die Unm\u00f6glichkeit anzukommen.\" tabindex=\"-1\" >\n\t\t\t\t\t<\/a>\n\n\t\t\t\t<\/div>\n\t\t\t\t<\/article>\n\t\t\t\t<article class=\"elementor-post elementor-grid-item post-1243 post type-post status-publish format-standard has-post-thumbnail hentry category-group\">\n\t\t\t\t<a class=\"elementor-post__thumbnail__link\" href=\"https:\/\/jodykorbach.de\/werk\/2024\/04\/14\/es-gibt-kein-wort-annaeherung-an-ein-gefuehl\/\" tabindex=\"-1\" >\n\t\t\t<div class=\"elementor-post__thumbnail\"><img loading=\"lazy\" decoding=\"async\" width=\"525\" height=\"350\" src=\"https:\/\/jodykorbach.de\/wp-content\/uploads\/2024\/07\/museummorsbroich_mai2024_12-1024x683.jpg\" class=\"attachment-large size-large wp-image-1276\" alt=\"\" srcset=\"https:\/\/jodykorbach.de\/wp-content\/uploads\/2024\/07\/museummorsbroich_mai2024_12-1024x683.jpg 1024w, https:\/\/jodykorbach.de\/wp-content\/uploads\/2024\/07\/museummorsbroich_mai2024_12-300x200.jpg 300w, https:\/\/jodykorbach.de\/wp-content\/uploads\/2024\/07\/museummorsbroich_mai2024_12-768x512.jpg 768w, https:\/\/jodykorbach.de\/wp-content\/uploads\/2024\/07\/museummorsbroich_mai2024_12-1536x1024.jpg 1536w, https:\/\/jodykorbach.de\/wp-content\/uploads\/2024\/07\/museummorsbroich_mai2024_12-2048x1365.jpg 2048w\" sizes=\"(max-width: 525px) 100vw, 525px\" \/><\/div>\n\t\t<\/a>\n\t\t\t\t<div class=\"elementor-post__text\">\n\t\t\t\t<h3 class=\"elementor-post__title\">\n\t\t\t<a href=\"https:\/\/jodykorbach.de\/werk\/2024\/04\/14\/es-gibt-kein-wort-annaeherung-an-ein-gefuehl\/\" >\n\t\t\t\tEs gibt kein Wort&#8230; &#8211; Ann\u00e4herung an ein Gef\u00fchl\t\t\t<\/a>\n\t\t<\/h3>\n\t\t\t\t<div class=\"elementor-post__meta-data\">\n\t\t\t\t\t<span class=\"elementor-post-date\">\n\t\t\t14. April 2024\t\t<\/span>\n\t\t\t\t<\/div>\n\t\t\t\t<div class=\"elementor-post__excerpt\">\n\t\t\t<p>Gruppenausstellung im Museum Morsbroich, Leverkusen[English below] Yevgenia BelorusetsZoya Cherkassky-NnadiIra EduardovnaAhmet Do\u011fu \u0130pekJody Korbach 14.04.-25.08.2024FINISSAGE mit F\u00fchrung 25.08. | 14 Uhr \u201eEs gibt kein Wort, das<\/p>\n\t\t<\/div>\n\t\t\n\t\t<a class=\"elementor-post__read-more\" href=\"https:\/\/jodykorbach.de\/werk\/2024\/04\/14\/es-gibt-kein-wort-annaeherung-an-ein-gefuehl\/\" aria-label=\"Mehr \u00fcber Es gibt kein Wort&#8230; &#8211; Ann\u00e4herung an ein Gef\u00fchl\" tabindex=\"-1\" >\n\t\t\t\t\t<\/a>\n\n\t\t\t\t<\/div>\n\t\t\t\t<\/article>\n\t\t\t\t<article class=\"elementor-post elementor-grid-item post-1123 post type-post status-publish format-standard has-post-thumbnail hentry category-solo\">\n\t\t\t\t<a class=\"elementor-post__thumbnail__link\" href=\"https:\/\/jodykorbach.de\/werk\/2023\/10\/14\/fine-people-on-both-sides-and-me-nak-neuer-aachener-kunstverein\/\" tabindex=\"-1\" >\n\t\t\t<div class=\"elementor-post__thumbnail\"><img loading=\"lazy\" decoding=\"async\" width=\"525\" height=\"305\" src=\"https:\/\/jodykorbach.de\/wp-content\/uploads\/2024\/03\/035-Kopie-1-1024x595.jpg\" class=\"attachment-large size-large wp-image-1136\" alt=\"\" srcset=\"https:\/\/jodykorbach.de\/wp-content\/uploads\/2024\/03\/035-Kopie-1-1024x595.jpg 1024w, https:\/\/jodykorbach.de\/wp-content\/uploads\/2024\/03\/035-Kopie-1-300x174.jpg 300w, https:\/\/jodykorbach.de\/wp-content\/uploads\/2024\/03\/035-Kopie-1-768x446.jpg 768w, https:\/\/jodykorbach.de\/wp-content\/uploads\/2024\/03\/035-Kopie-1-1536x893.jpg 1536w, https:\/\/jodykorbach.de\/wp-content\/uploads\/2024\/03\/035-Kopie-1-2048x1191.jpg 2048w\" sizes=\"(max-width: 525px) 100vw, 525px\" \/><\/div>\n\t\t<\/a>\n\t\t\t\t<div class=\"elementor-post__text\">\n\t\t\t\t<h3 class=\"elementor-post__title\">\n\t\t\t<a href=\"https:\/\/jodykorbach.de\/werk\/2023\/10\/14\/fine-people-on-both-sides-and-me-nak-neuer-aachener-kunstverein\/\" >\n\t\t\t\t&#8220;Fine people on both sides, and me.&#8221; NAK Neuer Aachener Kunstverein\t\t\t<\/a>\n\t\t<\/h3>\n\t\t\t\t<div class=\"elementor-post__meta-data\">\n\t\t\t\t\t<span class=\"elementor-post-date\">\n\t\t\t14. Oktober 2023\t\t<\/span>\n\t\t\t\t<\/div>\n\t\t\t\t<div class=\"elementor-post__excerpt\">\n\t\t\t<p>Einzelausstellung 14.10.-03.12.2023 Lars Eidinger wollte nur mal kurz die Welt begreifen. Der Hass, den er erlebte, trieb ihm Tr\u00e4nen in die Augen. Und so knabberte<\/p>\n\t\t<\/div>\n\t\t\n\t\t<a class=\"elementor-post__read-more\" href=\"https:\/\/jodykorbach.de\/werk\/2023\/10\/14\/fine-people-on-both-sides-and-me-nak-neuer-aachener-kunstverein\/\" aria-label=\"Mehr \u00fcber &#8220;Fine people on both sides, and me.&#8221; NAK Neuer Aachener Kunstverein\" tabindex=\"-1\" >\n\t\t\t\t\t<\/a>\n\n\t\t\t\t<\/div>\n\t\t\t\t<\/article>\n\t\t\t\t<article class=\"elementor-post elementor-grid-item post-1075 post type-post status-publish format-standard has-post-thumbnail hentry category-solo\">\n\t\t\t\t<a class=\"elementor-post__thumbnail__link\" href=\"https:\/\/jodykorbach.de\/werk\/2023\/09\/01\/hans-schnier-spielt-nur-noch-stadtteil-feste-galerie-martinetz-koeln\/\" tabindex=\"-1\" >\n\t\t\t<div class=\"elementor-post__thumbnail\"><img loading=\"lazy\" decoding=\"async\" width=\"525\" height=\"366\" src=\"https:\/\/jodykorbach.de\/wp-content\/uploads\/2023\/11\/JodyKorbachHansSchnierTamaraLorenz11_web-1024x714.jpg\" class=\"attachment-large size-large wp-image-1088\" alt=\"\" srcset=\"https:\/\/jodykorbach.de\/wp-content\/uploads\/2023\/11\/JodyKorbachHansSchnierTamaraLorenz11_web-1024x714.jpg 1024w, https:\/\/jodykorbach.de\/wp-content\/uploads\/2023\/11\/JodyKorbachHansSchnierTamaraLorenz11_web-300x209.jpg 300w, https:\/\/jodykorbach.de\/wp-content\/uploads\/2023\/11\/JodyKorbachHansSchnierTamaraLorenz11_web-768x535.jpg 768w, https:\/\/jodykorbach.de\/wp-content\/uploads\/2023\/11\/JodyKorbachHansSchnierTamaraLorenz11_web.jpg 1080w\" sizes=\"(max-width: 525px) 100vw, 525px\" \/><\/div>\n\t\t<\/a>\n\t\t\t\t<div class=\"elementor-post__text\">\n\t\t\t\t<h3 class=\"elementor-post__title\">\n\t\t\t<a href=\"https:\/\/jodykorbach.de\/werk\/2023\/09\/01\/hans-schnier-spielt-nur-noch-stadtteil-feste-galerie-martinetz-koeln\/\" >\n\t\t\t\t&#8220;Hans Schnier spielt nur noch Stadtteil-Feste&#8221; Galerie Martinetz &#8211; K\u00f6ln\t\t\t<\/a>\n\t\t<\/h3>\n\t\t\t\t<div class=\"elementor-post__meta-data\">\n\t\t\t\t\t<span class=\"elementor-post-date\">\n\t\t\t1. September 2023\t\t<\/span>\n\t\t\t\t<\/div>\n\t\t\t\t<div class=\"elementor-post__excerpt\">\n\t\t\t<p>Einzelausstellung 01.09.-13.10.2023 Ein Clown hat traurig zu sein, sonst ist er nichts wert. Ohne angemessenen Leidensdruck des Komikers verliert die Komik ihre Daseinsberechtigung als Kunstform.<\/p>\n\t\t<\/div>\n\t\t\n\t\t<a class=\"elementor-post__read-more\" href=\"https:\/\/jodykorbach.de\/werk\/2023\/09\/01\/hans-schnier-spielt-nur-noch-stadtteil-feste-galerie-martinetz-koeln\/\" aria-label=\"Mehr \u00fcber &#8220;Hans Schnier spielt nur noch Stadtteil-Feste&#8221; Galerie Martinetz &#8211; K\u00f6ln\" tabindex=\"-1\" >\n\t\t\t\t\t<\/a>\n\n\t\t\t\t<\/div>\n\t\t\t\t<\/article>\n\t\t\t\t<article class=\"elementor-post elementor-grid-item post-1072 post type-post status-publish format-standard has-post-thumbnail hentry category-group\">\n\t\t\t\t<a class=\"elementor-post__thumbnail__link\" href=\"https:\/\/jodykorbach.de\/werk\/2023\/08\/19\/love-love-kuenstlerhaus-dortmund\/\" tabindex=\"-1\" >\n\t\t\t<div class=\"elementor-post__thumbnail\"><img loading=\"lazy\" decoding=\"async\" width=\"525\" height=\"329\" src=\"https:\/\/jodykorbach.de\/wp-content\/uploads\/2023\/11\/kh_do_love_love_1800px-24-1732-1024x641.jpg\" class=\"attachment-large size-large wp-image-1054\" alt=\"\" srcset=\"https:\/\/jodykorbach.de\/wp-content\/uploads\/2023\/11\/kh_do_love_love_1800px-24-1732-1024x641.jpg 1024w, https:\/\/jodykorbach.de\/wp-content\/uploads\/2023\/11\/kh_do_love_love_1800px-24-1732-300x188.jpg 300w, https:\/\/jodykorbach.de\/wp-content\/uploads\/2023\/11\/kh_do_love_love_1800px-24-1732-768x481.jpg 768w, https:\/\/jodykorbach.de\/wp-content\/uploads\/2023\/11\/kh_do_love_love_1800px-24-1732-1536x962.jpg 1536w, https:\/\/jodykorbach.de\/wp-content\/uploads\/2023\/11\/kh_do_love_love_1800px-24-1732.jpg 1800w\" sizes=\"(max-width: 525px) 100vw, 525px\" \/><\/div>\n\t\t<\/a>\n\t\t\t\t<div class=\"elementor-post__text\">\n\t\t\t\t<h3 class=\"elementor-post__title\">\n\t\t\t<a href=\"https:\/\/jodykorbach.de\/werk\/2023\/08\/19\/love-love-kuenstlerhaus-dortmund\/\" >\n\t\t\t\t&#8220;love\/love&#8221; K\u00fcnstlerhaus Dortmund\t\t\t<\/a>\n\t\t<\/h3>\n\t\t\t\t<div class=\"elementor-post__meta-data\">\n\t\t\t\t\t<span class=\"elementor-post-date\">\n\t\t\t19. August 2023\t\t<\/span>\n\t\t\t\t<\/div>\n\t\t\t\t<div class=\"elementor-post__excerpt\">\n\t\t\t<p>Gruppenshow mit Carl Brandi, Tina Herchenr\u00f6ther, Aleksandra Belic uvm.Kuratiert von Dagmar Lippok.16.08. \u2013 01.10.2023 Die Liebe ist ein Mysterium und seit jeher unergr\u00fcndlich \u2013 trotz<\/p>\n\t\t<\/div>\n\t\t\n\t\t<a class=\"elementor-post__read-more\" href=\"https:\/\/jodykorbach.de\/werk\/2023\/08\/19\/love-love-kuenstlerhaus-dortmund\/\" aria-label=\"Mehr \u00fcber &#8220;love\/love&#8221; K\u00fcnstlerhaus Dortmund\" tabindex=\"-1\" >\n\t\t\t\t\t<\/a>\n\n\t\t\t\t<\/div>\n\t\t\t\t<\/article>\n\t\t\t\t<article class=\"elementor-post elementor-grid-item post-1040 post type-post status-publish format-standard has-post-thumbnail hentry category-group\">\n\t\t\t\t<a class=\"elementor-post__thumbnail__link\" href=\"https:\/\/jodykorbach.de\/werk\/2023\/06\/10\/palmen-aus-plastik-sommer-sonne-soziale-ungleichheit-galerie-waidspeicher-erfurt\/\" tabindex=\"-1\" >\n\t\t\t<div class=\"elementor-post__thumbnail\"><img loading=\"lazy\" decoding=\"async\" width=\"525\" height=\"350\" src=\"https:\/\/jodykorbach.de\/wp-content\/uploads\/2023\/11\/PAP-29-1024x683.jpg\" class=\"attachment-large size-large wp-image-1060\" alt=\"\" srcset=\"https:\/\/jodykorbach.de\/wp-content\/uploads\/2023\/11\/PAP-29-1024x683.jpg 1024w, https:\/\/jodykorbach.de\/wp-content\/uploads\/2023\/11\/PAP-29-300x200.jpg 300w, https:\/\/jodykorbach.de\/wp-content\/uploads\/2023\/11\/PAP-29-768x512.jpg 768w, https:\/\/jodykorbach.de\/wp-content\/uploads\/2023\/11\/PAP-29-1536x1024.jpg 1536w, https:\/\/jodykorbach.de\/wp-content\/uploads\/2023\/11\/PAP-29-2048x1365.jpg 2048w\" sizes=\"(max-width: 525px) 100vw, 525px\" \/><\/div>\n\t\t<\/a>\n\t\t\t\t<div class=\"elementor-post__text\">\n\t\t\t\t<h3 class=\"elementor-post__title\">\n\t\t\t<a href=\"https:\/\/jodykorbach.de\/werk\/2023\/06\/10\/palmen-aus-plastik-sommer-sonne-soziale-ungleichheit-galerie-waidspeicher-erfurt\/\" >\n\t\t\t\t&#8220;Palmen aus Plastik. Sommer, Sonne, soziale Ungleichheit &#8221; Galerie Waidspeicher, Erfurt\t\t\t<\/a>\n\t\t<\/h3>\n\t\t\t\t<div class=\"elementor-post__meta-data\">\n\t\t\t\t\t<span class=\"elementor-post-date\">\n\t\t\t10. Juni 2023\t\t<\/span>\n\t\t\t\t<\/div>\n\t\t\t\t<div class=\"elementor-post__excerpt\">\n\t\t\t<p>Gruppenshow mit Georg Vierbuchen, Anica Seidel, Anna Ley uvm.Kuratiert von Celine Loesche und Philipp Schreiner.11.06. \u2013 10.09.2023 Vorstellungen eines sorglosen Urlaubs am Sandstrand wecken bei<\/p>\n\t\t<\/div>\n\t\t\n\t\t<a class=\"elementor-post__read-more\" href=\"https:\/\/jodykorbach.de\/werk\/2023\/06\/10\/palmen-aus-plastik-sommer-sonne-soziale-ungleichheit-galerie-waidspeicher-erfurt\/\" aria-label=\"Mehr \u00fcber &#8220;Palmen aus Plastik. Sommer, Sonne, soziale Ungleichheit &#8221; Galerie Waidspeicher, Erfurt\" tabindex=\"-1\" >\n\t\t\t\t\t<\/a>\n\n\t\t\t\t<\/div>\n\t\t\t\t<\/article>\n\t\t\t\t<article class=\"elementor-post elementor-grid-item post-818 post type-post status-publish format-standard has-post-thumbnail hentry category-group\">\n\t\t\t\t<a class=\"elementor-post__thumbnail__link\" href=\"https:\/\/jodykorbach.de\/werk\/2022\/10\/06\/pedigree-neuer-kunstraum-duesseldorf-nkr\/\" tabindex=\"-1\" >\n\t\t\t<div class=\"elementor-post__thumbnail\"><img loading=\"lazy\" decoding=\"async\" width=\"525\" height=\"350\" src=\"https:\/\/jodykorbach.de\/wp-content\/uploads\/2022\/11\/NKR_pedigree_okt2022_09-1024x683.jpg\" class=\"attachment-large size-large wp-image-852\" alt=\"\" srcset=\"https:\/\/jodykorbach.de\/wp-content\/uploads\/2022\/11\/NKR_pedigree_okt2022_09-1024x683.jpg 1024w, https:\/\/jodykorbach.de\/wp-content\/uploads\/2022\/11\/NKR_pedigree_okt2022_09-300x200.jpg 300w, https:\/\/jodykorbach.de\/wp-content\/uploads\/2022\/11\/NKR_pedigree_okt2022_09-768x512.jpg 768w, https:\/\/jodykorbach.de\/wp-content\/uploads\/2022\/11\/NKR_pedigree_okt2022_09-1536x1024.jpg 1536w, https:\/\/jodykorbach.de\/wp-content\/uploads\/2022\/11\/NKR_pedigree_okt2022_09-2048x1366.jpg 2048w\" sizes=\"(max-width: 525px) 100vw, 525px\" \/><\/div>\n\t\t<\/a>\n\t\t\t\t<div class=\"elementor-post__text\">\n\t\t\t\t<h3 class=\"elementor-post__title\">\n\t\t\t<a href=\"https:\/\/jodykorbach.de\/werk\/2022\/10\/06\/pedigree-neuer-kunstraum-duesseldorf-nkr\/\" >\n\t\t\t\t&#8220;Pedigree&#8221; NKR &#8211; Neuer Kunstraum, D\u00fcsseldorf\t\t\t<\/a>\n\t\t<\/h3>\n\t\t\t\t<div class=\"elementor-post__meta-data\">\n\t\t\t\t\t<span class=\"elementor-post-date\">\n\t\t\t6. Oktober 2022\t\t<\/span>\n\t\t\t\t<\/div>\n\t\t\t\t<div class=\"elementor-post__excerpt\">\n\t\t\t<p>JODY KORBACHROBERT OLAWUYI Kuratiert von \/ Curated by Anne Sch\u00fclke &amp; Detlef Klepsch06.10. \u2013 06.11.2022 &#8220;Ich will nicht \u00fcber die \u00c4sthetik des Widerstand philosophieren, ich<\/p>\n\t\t<\/div>\n\t\t\n\t\t<a class=\"elementor-post__read-more\" href=\"https:\/\/jodykorbach.de\/werk\/2022\/10\/06\/pedigree-neuer-kunstraum-duesseldorf-nkr\/\" aria-label=\"Mehr \u00fcber &#8220;Pedigree&#8221; NKR &#8211; Neuer Kunstraum, D\u00fcsseldorf\" tabindex=\"-1\" >\n\t\t\t\t\t<\/a>\n\n\t\t\t\t<\/div>\n\t\t\t\t<\/article>\n\t\t\t\t<article class=\"elementor-post elementor-grid-item post-731 post type-post status-publish format-standard has-post-thumbnail hentry category-group\">\n\t\t\t\t<a class=\"elementor-post__thumbnail__link\" href=\"https:\/\/jodykorbach.de\/werk\/2022\/06\/04\/gereinigt-und-gesichert-kunstraum-ortloff-leipzig\/\" tabindex=\"-1\" >\n\t\t\t<div class=\"elementor-post__thumbnail\"><img loading=\"lazy\" decoding=\"async\" width=\"525\" height=\"350\" src=\"https:\/\/jodykorbach.de\/wp-content\/uploads\/2022\/06\/gesaeubertgesichert_3-1024x683.jpg\" class=\"attachment-large size-large wp-image-720\" alt=\"\" srcset=\"https:\/\/jodykorbach.de\/wp-content\/uploads\/2022\/06\/gesaeubertgesichert_3-1024x683.jpg 1024w, https:\/\/jodykorbach.de\/wp-content\/uploads\/2022\/06\/gesaeubertgesichert_3-300x200.jpg 300w, https:\/\/jodykorbach.de\/wp-content\/uploads\/2022\/06\/gesaeubertgesichert_3-768x512.jpg 768w, https:\/\/jodykorbach.de\/wp-content\/uploads\/2022\/06\/gesaeubertgesichert_3-1536x1024.jpg 1536w, https:\/\/jodykorbach.de\/wp-content\/uploads\/2022\/06\/gesaeubertgesichert_3-2048x1365.jpg 2048w\" sizes=\"(max-width: 525px) 100vw, 525px\" \/><\/div>\n\t\t<\/a>\n\t\t\t\t<div class=\"elementor-post__text\">\n\t\t\t\t<h3 class=\"elementor-post__title\">\n\t\t\t<a href=\"https:\/\/jodykorbach.de\/werk\/2022\/06\/04\/gereinigt-und-gesichert-kunstraum-ortloff-leipzig\/\" >\n\t\t\t\t&#8220;Gereinigt und gesichert&#8221; Kunstraum Ortloff, Leipzig\t\t\t<\/a>\n\t\t<\/h3>\n\t\t\t\t<div class=\"elementor-post__meta-data\">\n\t\t\t\t\t<span class=\"elementor-post-date\">\n\t\t\t4. Juni 2022\t\t<\/span>\n\t\t\t\t<\/div>\n\t\t\t\t<div class=\"elementor-post__excerpt\">\n\t\t\t<p>JODY KORBACHCHRISTIAN K\u00d6LBLKONSTITUTIV DER M\u00d6GLICHKEITENNICHOLAS WARBURG Kuratiert von \/ Curated by Christian K\u00f6lbl05.06. \u2013 25.06.2022<\/p>\n\t\t<\/div>\n\t\t\n\t\t<a class=\"elementor-post__read-more\" href=\"https:\/\/jodykorbach.de\/werk\/2022\/06\/04\/gereinigt-und-gesichert-kunstraum-ortloff-leipzig\/\" aria-label=\"Mehr \u00fcber &#8220;Gereinigt und gesichert&#8221; Kunstraum Ortloff, Leipzig\" tabindex=\"-1\" >\n\t\t\t\t\t<\/a>\n\n\t\t\t\t<\/div>\n\t\t\t\t<\/article>\n\t\t\t\t<article class=\"elementor-post elementor-grid-item post-729 post type-post status-publish format-standard has-post-thumbnail hentry category-group\">\n\t\t\t\t<a class=\"elementor-post__thumbnail__link\" href=\"https:\/\/jodykorbach.de\/werk\/2022\/03\/19\/kappa-kappa-cringe-galerie-petra-martinetz-koeln\/\" tabindex=\"-1\" >\n\t\t\t<div class=\"elementor-post__thumbnail\"><img loading=\"lazy\" decoding=\"async\" width=\"525\" height=\"350\" src=\"https:\/\/jodykorbach.de\/wp-content\/uploads\/2022\/06\/7_Kappa_MARTINETZ_2022_Photo-Tamara-Lorenz-1024x683.jpg\" class=\"attachment-large size-large wp-image-724\" alt=\"\" srcset=\"https:\/\/jodykorbach.de\/wp-content\/uploads\/2022\/06\/7_Kappa_MARTINETZ_2022_Photo-Tamara-Lorenz-1024x683.jpg 1024w, https:\/\/jodykorbach.de\/wp-content\/uploads\/2022\/06\/7_Kappa_MARTINETZ_2022_Photo-Tamara-Lorenz-300x200.jpg 300w, https:\/\/jodykorbach.de\/wp-content\/uploads\/2022\/06\/7_Kappa_MARTINETZ_2022_Photo-Tamara-Lorenz-768x512.jpg 768w, https:\/\/jodykorbach.de\/wp-content\/uploads\/2022\/06\/7_Kappa_MARTINETZ_2022_Photo-Tamara-Lorenz-1536x1025.jpg 1536w, https:\/\/jodykorbach.de\/wp-content\/uploads\/2022\/06\/7_Kappa_MARTINETZ_2022_Photo-Tamara-Lorenz-2048x1366.jpg 2048w\" sizes=\"(max-width: 525px) 100vw, 525px\" \/><\/div>\n\t\t<\/a>\n\t\t\t\t<div class=\"elementor-post__text\">\n\t\t\t\t<h3 class=\"elementor-post__title\">\n\t\t\t<a href=\"https:\/\/jodykorbach.de\/werk\/2022\/03\/19\/kappa-kappa-cringe-galerie-petra-martinetz-koeln\/\" >\n\t\t\t\t&#8220;Kappa Kappa Cringe&#8221; Galerie Petra Martinetz, K\u00f6ln\t\t\t<\/a>\n\t\t<\/h3>\n\t\t\t\t<div class=\"elementor-post__meta-data\">\n\t\t\t\t\t<span class=\"elementor-post-date\">\n\t\t\t19. M\u00e4rz 2022\t\t<\/span>\n\t\t\t\t<\/div>\n\t\t\t\t<div class=\"elementor-post__excerpt\">\n\t\t\t<p>JODY KORBACHSOPHIA S\u00dcSSMILCHNOUCHKA WOLFKuratiert von \/ Curated by Hendrik B\u00fcndge19.03. \u2013 13.05.2022 Please scroll down for english version Ein Ausstellungstitel wie eine amerikanische Studentenverbindung. Mitglieder<\/p>\n\t\t<\/div>\n\t\t\n\t\t<a class=\"elementor-post__read-more\" href=\"https:\/\/jodykorbach.de\/werk\/2022\/03\/19\/kappa-kappa-cringe-galerie-petra-martinetz-koeln\/\" aria-label=\"Mehr \u00fcber &#8220;Kappa Kappa Cringe&#8221; Galerie Petra Martinetz, K\u00f6ln\" tabindex=\"-1\" >\n\t\t\t\t\t<\/a>\n\n\t\t\t\t<\/div>\n\t\t\t\t<\/article>\n\t\t\t\t<article class=\"elementor-post elementor-grid-item post-680 post type-post status-publish format-standard has-post-thumbnail hentry category-group\">\n\t\t\t\t<a class=\"elementor-post__thumbnail__link\" href=\"https:\/\/jodykorbach.de\/werk\/2022\/03\/18\/schuldiger-realismus-galerie-anton-janizewski-berlin\/\" tabindex=\"-1\" >\n\t\t\t<div class=\"elementor-post__thumbnail\"><img loading=\"lazy\" decoding=\"async\" width=\"525\" height=\"362\" src=\"https:\/\/jodykorbach.de\/wp-content\/uploads\/2022\/06\/220318_SchuldigerRealismus_006-1024x706.jpg\" class=\"attachment-large size-large wp-image-698\" alt=\"\" srcset=\"https:\/\/jodykorbach.de\/wp-content\/uploads\/2022\/06\/220318_SchuldigerRealismus_006-1024x706.jpg 1024w, https:\/\/jodykorbach.de\/wp-content\/uploads\/2022\/06\/220318_SchuldigerRealismus_006-300x207.jpg 300w, https:\/\/jodykorbach.de\/wp-content\/uploads\/2022\/06\/220318_SchuldigerRealismus_006-768x529.jpg 768w, https:\/\/jodykorbach.de\/wp-content\/uploads\/2022\/06\/220318_SchuldigerRealismus_006-1536x1059.jpg 1536w, https:\/\/jodykorbach.de\/wp-content\/uploads\/2022\/06\/220318_SchuldigerRealismus_006-2048x1412.jpg 2048w\" sizes=\"(max-width: 525px) 100vw, 525px\" \/><\/div>\n\t\t<\/a>\n\t\t\t\t<div class=\"elementor-post__text\">\n\t\t\t\t<h3 class=\"elementor-post__title\">\n\t\t\t<a href=\"https:\/\/jodykorbach.de\/werk\/2022\/03\/18\/schuldiger-realismus-galerie-anton-janizewski-berlin\/\" >\n\t\t\t\t&#8220;Schuldiger Realismus&#8221; Galerie Anton Janizewski, Berlin\t\t\t<\/a>\n\t\t<\/h3>\n\t\t\t\t<div class=\"elementor-post__meta-data\">\n\t\t\t\t\t<span class=\"elementor-post-date\">\n\t\t\t18. M\u00e4rz 2022\t\t<\/span>\n\t\t\t\t<\/div>\n\t\t\t\t<div class=\"elementor-post__excerpt\">\n\t\t\t<p>TANNH\u00c4USER KREIS in der Galerie Anton Janizewski Schuldig: Antonia Alessia Virginia Beeskow, Bureau AEIOU, Andreas Cretin, Jonas H\u00f6schl, Benni Kakert, Istihar Kalach, Christian K\u00f6lbl, Konstitutiv<\/p>\n\t\t<\/div>\n\t\t\n\t\t<a class=\"elementor-post__read-more\" href=\"https:\/\/jodykorbach.de\/werk\/2022\/03\/18\/schuldiger-realismus-galerie-anton-janizewski-berlin\/\" aria-label=\"Mehr \u00fcber &#8220;Schuldiger Realismus&#8221; Galerie Anton Janizewski, Berlin\" tabindex=\"-1\" >\n\t\t\t\t\t<\/a>\n\n\t\t\t\t<\/div>\n\t\t\t\t<\/article>\n\t\t\t\t<article class=\"elementor-post elementor-grid-item post-677 post type-post status-publish format-standard has-post-thumbnail hentry category-group\">\n\t\t\t\t<a class=\"elementor-post__thumbnail__link\" href=\"https:\/\/jodykorbach.de\/werk\/2022\/03\/05\/art-germania-miami-beach-feinkunst-sprengelmuseum-hannover\/\" tabindex=\"-1\" >\n\t\t\t<div class=\"elementor-post__thumbnail\"><img loading=\"lazy\" decoding=\"async\" width=\"525\" height=\"349\" src=\"https:\/\/jodykorbach.de\/wp-content\/uploads\/2022\/06\/DSC1139-1024x681.jpg\" class=\"attachment-large size-large wp-image-671\" alt=\"\" srcset=\"https:\/\/jodykorbach.de\/wp-content\/uploads\/2022\/06\/DSC1139-1024x681.jpg 1024w, https:\/\/jodykorbach.de\/wp-content\/uploads\/2022\/06\/DSC1139-300x200.jpg 300w, https:\/\/jodykorbach.de\/wp-content\/uploads\/2022\/06\/DSC1139-768x511.jpg 768w, https:\/\/jodykorbach.de\/wp-content\/uploads\/2022\/06\/DSC1139-1536x1022.jpg 1536w, https:\/\/jodykorbach.de\/wp-content\/uploads\/2022\/06\/DSC1139-2048x1363.jpg 2048w\" sizes=\"(max-width: 525px) 100vw, 525px\" \/><\/div>\n\t\t<\/a>\n\t\t\t\t<div class=\"elementor-post__text\">\n\t\t\t\t<h3 class=\"elementor-post__title\">\n\t\t\t<a href=\"https:\/\/jodykorbach.de\/werk\/2022\/03\/05\/art-germania-miami-beach-feinkunst-sprengelmuseum-hannover\/\" >\n\t\t\t\t&#8220;Art Germania Miami Beach&#8221; Feinkunst @ Sprengelmuseum Hannover\t\t\t<\/a>\n\t\t<\/h3>\n\t\t\t\t<div class=\"elementor-post__meta-data\">\n\t\t\t\t\t<span class=\"elementor-post-date\">\n\t\t\t5. M\u00e4rz 2022\t\t<\/span>\n\t\t\t\t<\/div>\n\t\t\t\t<div class=\"elementor-post__excerpt\">\n\t\t\t<p>JODY KORBACHNICOLAI SAURNICHOLAS WARBURGKuratiert von \/ Curated by Julius Osman05.03. \u2013 29.04.2022<\/p>\n\t\t<\/div>\n\t\t\n\t\t<a class=\"elementor-post__read-more\" href=\"https:\/\/jodykorbach.de\/werk\/2022\/03\/05\/art-germania-miami-beach-feinkunst-sprengelmuseum-hannover\/\" aria-label=\"Mehr \u00fcber &#8220;Art Germania Miami Beach&#8221; Feinkunst @ Sprengelmuseum Hannover\" tabindex=\"-1\" >\n\t\t\t\t\t<\/a>\n\n\t\t\t\t<\/div>\n\t\t\t\t<\/article>\n\t\t\t\t<article class=\"elementor-post elementor-grid-item post-908 post type-post status-publish format-standard has-post-thumbnail hentry category-group\">\n\t\t\t\t<a class=\"elementor-post__thumbnail__link\" href=\"https:\/\/jodykorbach.de\/werk\/2021\/10\/19\/feierabend-wo-wart-ihr-silvester-kunstlabor2-muenchen\/\" tabindex=\"-1\" >\n\t\t\t<div class=\"elementor-post__thumbnail\"><img loading=\"lazy\" decoding=\"async\" width=\"525\" height=\"394\" src=\"https:\/\/jodykorbach.de\/wp-content\/uploads\/2023\/05\/IMG_20210924_201033-1-1024x768.jpg\" class=\"attachment-large size-large wp-image-921\" alt=\"\" srcset=\"https:\/\/jodykorbach.de\/wp-content\/uploads\/2023\/05\/IMG_20210924_201033-1-1024x768.jpg 1024w, https:\/\/jodykorbach.de\/wp-content\/uploads\/2023\/05\/IMG_20210924_201033-1-300x225.jpg 300w, https:\/\/jodykorbach.de\/wp-content\/uploads\/2023\/05\/IMG_20210924_201033-1-768x576.jpg 768w, https:\/\/jodykorbach.de\/wp-content\/uploads\/2023\/05\/IMG_20210924_201033-1-1536x1152.jpg 1536w, https:\/\/jodykorbach.de\/wp-content\/uploads\/2023\/05\/IMG_20210924_201033-1-2048x1536.jpg 2048w\" sizes=\"(max-width: 525px) 100vw, 525px\" \/><\/div>\n\t\t<\/a>\n\t\t\t\t<div class=\"elementor-post__text\">\n\t\t\t\t<h3 class=\"elementor-post__title\">\n\t\t\t<a href=\"https:\/\/jodykorbach.de\/werk\/2021\/10\/19\/feierabend-wo-wart-ihr-silvester-kunstlabor2-muenchen\/\" >\n\t\t\t\t&#8220;Feierabend (Wo wart ihr Silvester?)&#8221; KunstLabor2 &#8211; M\u00fcnchen\t\t\t<\/a>\n\t\t<\/h3>\n\t\t\t\t<div class=\"elementor-post__meta-data\">\n\t\t\t\t\t<span class=\"elementor-post-date\">\n\t\t\t19. Oktober 2021\t\t<\/span>\n\t\t\t\t<\/div>\n\t\t\t\t<div class=\"elementor-post__excerpt\">\n\t\t\t<p>Installation im KunstLabor2 M\u00fcnchen seit dem 19.10.2021 Feierabend (Wo wart ihr Silvester?) Ein verlassener B\u00fcroraum ist mit Wertmarken tapeziert. Tritt man einen Schritt n\u00e4her wird<\/p>\n\t\t<\/div>\n\t\t\n\t\t<a class=\"elementor-post__read-more\" href=\"https:\/\/jodykorbach.de\/werk\/2021\/10\/19\/feierabend-wo-wart-ihr-silvester-kunstlabor2-muenchen\/\" aria-label=\"Mehr \u00fcber &#8220;Feierabend (Wo wart ihr Silvester?)&#8221; KunstLabor2 &#8211; M\u00fcnchen\" tabindex=\"-1\" >\n\t\t\t\t\t<\/a>\n\n\t\t\t\t<\/div>\n\t\t\t\t<\/article>\n\t\t\t\t<article class=\"elementor-post elementor-grid-item post-951 post type-post status-publish format-standard has-post-thumbnail hentry category-solo\">\n\t\t\t\t<a class=\"elementor-post__thumbnail__link\" href=\"https:\/\/jodykorbach.de\/werk\/2021\/09\/04\/1000-jahre-cdu-mouches-volantes-koeln\/\" tabindex=\"-1\" >\n\t\t\t<div class=\"elementor-post__thumbnail\"><img loading=\"lazy\" decoding=\"async\" width=\"525\" height=\"295\" src=\"https:\/\/jodykorbach.de\/wp-content\/uploads\/2022\/03\/002_Mouches_Volante_1000_Jahre_CDU_DR93664-_DR93667_result-1024x576.jpg\" class=\"attachment-large size-large wp-image-297\" alt=\"\" srcset=\"https:\/\/jodykorbach.de\/wp-content\/uploads\/2022\/03\/002_Mouches_Volante_1000_Jahre_CDU_DR93664-_DR93667_result-1024x576.jpg 1024w, https:\/\/jodykorbach.de\/wp-content\/uploads\/2022\/03\/002_Mouches_Volante_1000_Jahre_CDU_DR93664-_DR93667_result-300x169.jpg 300w, https:\/\/jodykorbach.de\/wp-content\/uploads\/2022\/03\/002_Mouches_Volante_1000_Jahre_CDU_DR93664-_DR93667_result-768x432.jpg 768w, https:\/\/jodykorbach.de\/wp-content\/uploads\/2022\/03\/002_Mouches_Volante_1000_Jahre_CDU_DR93664-_DR93667_result-1536x864.jpg 1536w, https:\/\/jodykorbach.de\/wp-content\/uploads\/2022\/03\/002_Mouches_Volante_1000_Jahre_CDU_DR93664-_DR93667_result.jpg 1680w\" sizes=\"(max-width: 525px) 100vw, 525px\" \/><\/div>\n\t\t<\/a>\n\t\t\t\t<div class=\"elementor-post__text\">\n\t\t\t\t<h3 class=\"elementor-post__title\">\n\t\t\t<a href=\"https:\/\/jodykorbach.de\/werk\/2021\/09\/04\/1000-jahre-cdu-mouches-volantes-koeln\/\" >\n\t\t\t\t&#8220;1000 Jahre CDU&#8221; Mouches Volantes &#8211; K\u00f6ln\t\t\t<\/a>\n\t\t<\/h3>\n\t\t\t\t<div class=\"elementor-post__meta-data\">\n\t\t\t\t\t<span class=\"elementor-post-date\">\n\t\t\t4. September 2021\t\t<\/span>\n\t\t\t\t<\/div>\n\t\t\t\t<div class=\"elementor-post__excerpt\">\n\t\t\t<p>Einzelausstellung &#8220;Es ist 2021. Alle Formen des Widerstands wurden bereits mehrfach durchexerziert und ihre letzten Gr\u00fcnderm\u00fctter- und v\u00e4ter ziehen in ihr redlich verdientes Eigenheim. Alle<\/p>\n\t\t<\/div>\n\t\t\n\t\t<a class=\"elementor-post__read-more\" href=\"https:\/\/jodykorbach.de\/werk\/2021\/09\/04\/1000-jahre-cdu-mouches-volantes-koeln\/\" aria-label=\"Mehr \u00fcber &#8220;1000 Jahre CDU&#8221; Mouches Volantes &#8211; K\u00f6ln\" tabindex=\"-1\" >\n\t\t\t\t\t<\/a>\n\n\t\t\t\t<\/div>\n\t\t\t\t<\/article>\n\t\t\t\t<\/div>\n\t\t\n\t\t\t\t\t\t<\/div>\n\t\t\t\t<\/div>\n\t\t\t\t\t<\/div>\n\t\t<\/div>\n\t\t\t\t\t<\/div>\n\t\t<\/section>\n\t\t\t\t<\/div>\n\t\t","protected":false},"excerpt":{"rendered":"","protected":false},"author":1,"featured_media":0,"parent":0,"menu_order":0,"comment_status":"closed","ping_status":"closed","template":"elementor_header_footer","meta":{"footnotes":""},"class_list":["post-600","page","type-page","status-publish","hentry"],"_links":{"self":[{"href":"https:\/\/jodykorbach.de\/werk\/wp-json\/wp\/v2\/pages\/600","targetHints":{"allow":["GET"]}}],"collection":[{"href":"https:\/\/jodykorbach.de\/werk\/wp-json\/wp\/v2\/pages"}],"about":[{"href":"https:\/\/jodykorbach.de\/werk\/wp-json\/wp\/v2\/types\/page"}],"author":[{"embeddable":true,"href":"https:\/\/jodykorbach.de\/werk\/wp-json\/wp\/v2\/users\/1"}],"replies":[{"embeddable":true,"href":"https:\/\/jodykorbach.de\/werk\/wp-json\/wp\/v2\/comments?post=600"}],"version-history":[{"count":19,"href":"https:\/\/jodykorbach.de\/werk\/wp-json\/wp\/v2\/pages\/600\/revisions"}],"predecessor-version":[{"id":1412,"href":"https:\/\/jodykorbach.de\/werk\/wp-json\/wp\/v2\/pages\/600\/revisions\/1412"}],"wp:attachment":[{"href":"https:\/\/jodykorbach.de\/werk\/wp-json\/wp\/v2\/media?parent=600"}],"curies":[{"name":"wp","href":"https:\/\/api.w.org\/{rel}","templated":true}]}}