{"id":29,"date":"2022-03-10T14:30:01","date_gmt":"2022-03-10T13:30:01","guid":{"rendered":"http:\/\/staging.jodykorbach.de\/wordpress\/?page_id=29"},"modified":"2026-04-26T17:55:49","modified_gmt":"2026-04-26T15:55:49","slug":"vita","status":"publish","type":"page","link":"https:\/\/jodykorbach.de\/werk\/vita\/","title":{"rendered":"VITA"},"content":{"rendered":"\t\t<div data-elementor-type=\"wp-page\" data-elementor-id=\"29\" class=\"elementor elementor-29\" data-elementor-post-type=\"page\">\n\t\t\t\t\t\t<section class=\"elementor-section elementor-top-section elementor-element elementor-element-1832555 elementor-section-boxed elementor-section-height-default elementor-section-height-default\" data-id=\"1832555\" data-element_type=\"section\" data-e-type=\"section\" data-settings=\"{&quot;background_background&quot;:&quot;classic&quot;}\">\n\t\t\t\t\t\t<div class=\"elementor-container elementor-column-gap-default\">\n\t\t\t\t\t<div class=\"elementor-column elementor-col-50 elementor-top-column elementor-element elementor-element-ffecaa4\" data-id=\"ffecaa4\" data-element_type=\"column\" data-e-type=\"column\" data-settings=\"{&quot;background_background&quot;:&quot;classic&quot;}\">\n\t\t\t<div class=\"elementor-widget-wrap elementor-element-populated\">\n\t\t\t\t\t\t<div class=\"elementor-element elementor-element-e9c63b8 elementor-widget elementor-widget-heading\" data-id=\"e9c63b8\" data-element_type=\"widget\" data-e-type=\"widget\" data-widget_type=\"heading.default\">\n\t\t\t\t<div class=\"elementor-widget-container\">\n\t\t\t\t\t<h3 class=\"elementor-heading-title elementor-size-default\">Jody Korbach<\/h3>\t\t\t\t<\/div>\n\t\t\t\t<\/div>\n\t\t\t\t<div class=\"elementor-element elementor-element-40598fb elementor-widget elementor-widget-text-editor\" data-id=\"40598fb\" data-element_type=\"widget\" data-e-type=\"widget\" data-widget_type=\"text-editor.default\">\n\t\t\t\t<div class=\"elementor-widget-container\">\n\t\t\t\t\t\t\t\t\t<p><span dir=\"ltr\" role=\"presentation\">*1991 in Bielefeld<\/span><br role=\"presentation\" \/><span dir=\"ltr\" role=\"presentation\">aufgewachsen in Dortmund<\/span><br role=\"presentation\" \/><span dir=\"ltr\" role=\"presentation\">lebt und arbeitet in D\u00fcsseldorf<\/span><\/p><p>Vertreten durch die <a href=\"https:\/\/petramartinetz.de\/\">Galerie MARTINETZ<\/a>, K\u00f6ln<\/p>\t\t\t\t\t\t\t\t<\/div>\n\t\t\t\t<\/div>\n\t\t\t\t<div class=\"elementor-element elementor-element-e054fc8 elementor-widget elementor-widget-heading\" data-id=\"e054fc8\" data-element_type=\"widget\" data-e-type=\"widget\" data-widget_type=\"heading.default\">\n\t\t\t\t<div class=\"elementor-widget-container\">\n\t\t\t\t\t<h3 class=\"elementor-heading-title elementor-size-default\">Studium<\/h3>\t\t\t\t<\/div>\n\t\t\t\t<\/div>\n\t\t\t\t<div class=\"elementor-element elementor-element-622a856 elementor-widget elementor-widget-text-editor\" data-id=\"622a856\" data-element_type=\"widget\" data-e-type=\"widget\" data-widget_type=\"text-editor.default\">\n\t\t\t\t<div class=\"elementor-widget-container\">\n\t\t\t\t\t\t\t\t\t<p><span dir=\"ltr\" role=\"presentation\">2010-2017<\/span><br role=\"presentation\" \/><span dir=\"ltr\" role=\"presentation\">Studium der freien Kunst an der Kunstakademie D\u00fcsseldorf bei Tal R,<\/span><br role=\"presentation\" \/><span dir=\"ltr\" role=\"presentation\">Christopher Williams und Johannes Paul Raether<\/span><\/p><p><span dir=\"ltr\" role=\"presentation\">Meistersch\u00fclerin von Christopher Williams<\/span><\/p>\t\t\t\t\t\t\t\t<\/div>\n\t\t\t\t<\/div>\n\t\t\t\t<div class=\"elementor-element elementor-element-cf4ab23 elementor-widget elementor-widget-heading\" data-id=\"cf4ab23\" data-element_type=\"widget\" data-e-type=\"widget\" data-widget_type=\"heading.default\">\n\t\t\t\t<div class=\"elementor-widget-container\">\n\t\t\t\t\t<h3 class=\"elementor-heading-title elementor-size-default\">Preise und F\u00f6rderungen<\/h3>\t\t\t\t<\/div>\n\t\t\t\t<\/div>\n\t\t\t\t<div class=\"elementor-element elementor-element-c80582f elementor-widget elementor-widget-text-editor\" data-id=\"c80582f\" data-element_type=\"widget\" data-e-type=\"widget\" data-widget_type=\"text-editor.default\">\n\t\t\t\t<div class=\"elementor-widget-container\">\n\t\t\t\t\t\t\t\t\t<p><strong>2026<\/strong>\u00a0Tisa-Preis 2026,<br \/>Rostock Stipendium,<br \/>AUFTAKT Stipendium Kunstsiftung NRW<br \/><strong>2023<\/strong> Bronner Residency, Tel-Aviv Israel<br \/><strong>2022 <\/strong>Neustart Kultur Stipendium Kunststiftung NRW,<br \/>360 Grad Stipendium der Stadt D\u00fcsseldorf<br \/><span dir=\"ltr\" role=\"presentation\"><b>2021<\/b><\/span> <span dir=\"ltr\" role=\"presentation\">Reclaim Award<br \/><b>2018<\/b><\/span> <span dir=\"ltr\" role=\"presentation\">Individuelle K\u00fcnstlerf\u00f6rderung durch <\/span><span dir=\"ltr\" role=\"presentation\">ECCE<\/span> <span dir=\"ltr\" role=\"presentation\">und das Land NRW<\/span><\/p>\t\t\t\t\t\t\t\t<\/div>\n\t\t\t\t<\/div>\n\t\t\t\t<div class=\"elementor-element elementor-element-3bcef33 elementor-widget elementor-widget-heading\" data-id=\"3bcef33\" data-element_type=\"widget\" data-e-type=\"widget\" data-widget_type=\"heading.default\">\n\t\t\t\t<div class=\"elementor-widget-container\">\n\t\t\t\t\t<h2 class=\"elementor-heading-title elementor-size-default\">Werke in \u00f6ffentlichen Sammlungen<\/h2>\t\t\t\t<\/div>\n\t\t\t\t<\/div>\n\t\t\t\t<div class=\"elementor-element elementor-element-7b9957f elementor-widget elementor-widget-text-editor\" data-id=\"7b9957f\" data-element_type=\"widget\" data-e-type=\"widget\" data-widget_type=\"text-editor.default\">\n\t\t\t\t<div class=\"elementor-widget-container\">\n\t\t\t\t\t\t\t\t\t<p>Jody Korbachs Werke sind unter anderem in der Sammlung des Haus der Geschichte der Bundesrepublik Deutschland, der Sammlung des Kunstpalast D\u00fcsseldorf, der Sammlung der Provinzialstiftung, der Sammlung des Museum Heidenheim, der Sammlung der Kunsthalle Recklinghausen sowie der Sammlung Philara vertreten.<\/p>\t\t\t\t\t\t\t\t<\/div>\n\t\t\t\t<\/div>\n\t\t\t\t<div class=\"elementor-element elementor-element-582c79e elementor-widget elementor-widget-heading\" data-id=\"582c79e\" data-element_type=\"widget\" data-e-type=\"widget\" data-widget_type=\"heading.default\">\n\t\t\t\t<div class=\"elementor-widget-container\">\n\t\t\t\t\t<h3 class=\"elementor-heading-title elementor-size-default\">Lehre<\/h3>\t\t\t\t<\/div>\n\t\t\t\t<\/div>\n\t\t\t\t<div class=\"elementor-element elementor-element-a9a2c7c elementor-widget elementor-widget-text-editor\" data-id=\"a9a2c7c\" data-element_type=\"widget\" data-e-type=\"widget\" data-widget_type=\"text-editor.default\">\n\t\t\t\t<div class=\"elementor-widget-container\">\n\t\t\t\t\t\t\t\t\t<p>2023-2024 <br \/>Gastprofessorin f\u00fcr Kunst und Kunstp\u00e4dagogik an der Akademie der bildenden K\u00fcnste N\u00fcrnberg<\/p><p>2026<br \/>Lehrauftrag in der Fakult\u00e4t der Medienwisschaften, HBK Braunschweig<\/p><p>2025<br \/>Lehrauftrag an der Alanus Hochschule f\u00fcr Kunst und Gesellschaft, Bonn<br \/>Werkvortrag Bauhaus-Universit\u00e4t, Weimar<br \/>Werkvortrag Kunsthochschule Burg Giebichstein, Halle (Saale)<\/p><p>2024<br \/>Gastvortrag HfG Offenbach<br \/>Werkvortrag Alanus Hochschule f\u00fcr Kunst und Gesellschaft<\/p><p>2022<br \/>Werkvortrag Akademie der bildenden K\u00fcnste N\u00fcrnberg<\/p>\t\t\t\t\t\t\t\t<\/div>\n\t\t\t\t<\/div>\n\t\t\t\t<div class=\"elementor-element elementor-element-d6f21b4 elementor-widget elementor-widget-heading\" data-id=\"d6f21b4\" data-element_type=\"widget\" data-e-type=\"widget\" data-widget_type=\"heading.default\">\n\t\t\t\t<div class=\"elementor-widget-container\">\n\t\t\t\t\t<h3 class=\"elementor-heading-title elementor-size-default\">Sonstiges<\/h3>\t\t\t\t<\/div>\n\t\t\t\t<\/div>\n\t\t\t\t<div class=\"elementor-element elementor-element-e98c4db elementor-widget elementor-widget-text-editor\" data-id=\"e98c4db\" data-element_type=\"widget\" data-e-type=\"widget\" data-widget_type=\"text-editor.default\">\n\t\t\t\t<div class=\"elementor-widget-container\">\n\t\t\t\t\t\t\t\t\t<p>Seit 2026 Mitglied im Beirat Bildende K\u00fcnste D\u00fcsseldorf<\/p><p><span dir=\"ltr\" role=\"presentation\">2021-2024 st\u00e4ndiges Mitglied der Kunstkommission f\u00fcr Kunst im \u00f6ffentlichen Raum und Kunst am <\/span><span dir=\"ltr\" role=\"presentation\">Bau der Landeshauptstadt D\u00fcsseldorf<\/span><\/p><p>Gr\u00fcnderin des Eiskeller Export &#8217;14 &#8211; Fu\u00dfballteam der Kunstakademie D\u00fcsseldorf<\/p><p>Gr\u00fcnderin des Sch\u00fctzenkorps Europa &#8211; Sch\u00fctzenverein zur Verteidigung eurp\u00e4ischer Werte<\/p><p>Gr\u00fcndungsmitglied des K\u00fcnstlerkollektivs Tannh\u00e4user Kreis<\/p>\t\t\t\t\t\t\t\t<\/div>\n\t\t\t\t<\/div>\n\t\t\t\t\t<\/div>\n\t\t<\/div>\n\t\t\t\t<div class=\"elementor-column elementor-col-50 elementor-top-column elementor-element elementor-element-df2a847\" data-id=\"df2a847\" data-element_type=\"column\" data-e-type=\"column\">\n\t\t\t<div class=\"elementor-widget-wrap elementor-element-populated\">\n\t\t\t\t\t\t<div class=\"elementor-element elementor-element-3507123 elementor-widget elementor-widget-image\" data-id=\"3507123\" data-element_type=\"widget\" data-e-type=\"widget\" data-settings=\"{&quot;_animation&quot;:&quot;none&quot;}\" data-widget_type=\"image.default\">\n\t\t\t\t<div class=\"elementor-widget-container\">\n\t\t\t\t\t\t\t\t\t\t\t\t<figure class=\"wp-caption\">\n\t\t\t\t\t\t\t\t\t\t<img fetchpriority=\"high\" decoding=\"async\" width=\"525\" height=\"788\" src=\"https:\/\/jodykorbach.de\/wp-content\/uploads\/2024\/11\/Jody-Korbach_7-768x1152.jpg\" class=\"attachment-medium_large size-medium_large wp-image-1309\" alt=\"\" srcset=\"https:\/\/jodykorbach.de\/wp-content\/uploads\/2024\/11\/Jody-Korbach_7-768x1152.jpg 768w, https:\/\/jodykorbach.de\/wp-content\/uploads\/2024\/11\/Jody-Korbach_7-200x300.jpg 200w, https:\/\/jodykorbach.de\/wp-content\/uploads\/2024\/11\/Jody-Korbach_7-683x1024.jpg 683w, https:\/\/jodykorbach.de\/wp-content\/uploads\/2024\/11\/Jody-Korbach_7-1024x1536.jpg 1024w, https:\/\/jodykorbach.de\/wp-content\/uploads\/2024\/11\/Jody-Korbach_7-1365x2048.jpg 1365w, https:\/\/jodykorbach.de\/wp-content\/uploads\/2024\/11\/Jody-Korbach_7-scaled.jpg 1707w\" sizes=\"100vw\" \/>\t\t\t\t\t\t\t\t\t\t\t<figcaption class=\"widget-image-caption wp-caption-text\">Foto: Jonas H\u00f6schl<\/figcaption>\n\t\t\t\t\t\t\t\t\t\t<\/figure>\n\t\t\t\t\t\t\t\t\t<\/div>\n\t\t\t\t<\/div>\n\t\t\t\t\t<\/div>\n\t\t<\/div>\n\t\t\t\t\t<\/div>\n\t\t<\/section>\n\t\t\t\t<section class=\"elementor-section elementor-top-section elementor-element elementor-element-b191a56 elementor-section-boxed elementor-section-height-default elementor-section-height-default\" data-id=\"b191a56\" data-element_type=\"section\" data-e-type=\"section\">\n\t\t\t\t\t\t<div class=\"elementor-container elementor-column-gap-default\">\n\t\t\t\t\t<div class=\"elementor-column elementor-col-33 elementor-top-column elementor-element elementor-element-20e39b0\" data-id=\"20e39b0\" data-element_type=\"column\" data-e-type=\"column\">\n\t\t\t<div class=\"elementor-widget-wrap elementor-element-populated\">\n\t\t\t\t\t\t<div class=\"elementor-element elementor-element-90a3a85 elementor-widget elementor-widget-heading\" data-id=\"90a3a85\" data-element_type=\"widget\" data-e-type=\"widget\" data-widget_type=\"heading.default\">\n\t\t\t\t<div class=\"elementor-widget-container\">\n\t\t\t\t\t<h3 class=\"elementor-heading-title elementor-size-default\">Einzelausstellungen<\/h3>\t\t\t\t<\/div>\n\t\t\t\t<\/div>\n\t\t\t\t<div class=\"elementor-element elementor-element-c46eff0 elementor-widget elementor-widget-text-editor\" data-id=\"c46eff0\" data-element_type=\"widget\" data-e-type=\"widget\" data-widget_type=\"text-editor.default\">\n\t\t\t\t<div class=\"elementor-widget-container\">\n\t\t\t\t\t\t\t\t\t<p><strong>2026<\/strong><\/p><ul><li>Vorsicht Kasper! Hinter Dir! Das Krokodil! &#8211; WRG Sensor, Braunschweig<\/li><\/ul><p><strong>2025<\/strong><\/p><ul><li>Aus unseren Feuern <br \/>Galerie Martinetz, K\u00f6ln<\/li><\/ul><p><strong>2024<\/strong><\/p><ul><li>Ein Loch ist ein Loch &#8211; Niemals geht man so ganz, oder \u00fcber die Unm\u00f6glichkeit anzukommen<br \/>Neuer Gie\u00dfener Kunstverein<\/li><\/ul><p><span dir=\"ltr\" role=\"presentation\"><b>2023<\/b><\/span><\/p><ul><li>Hans Schnier spielt nur noch Stadtteil-Feste <br \/>Galerie Petra Martinetz, K\u00f6ln<\/li><li>Fine people on both sides, and me. <br \/>Neuer Aachener Kunstverein<\/li><\/ul><p><span dir=\"ltr\" role=\"presentation\"><b>2021<\/b><\/span><\/p><ul><li><a href=\"https:\/\/jodykorbach.de\/werk\/2021\/09\/03\/mouches-volantes\/\"><span dir=\"ltr\" role=\"presentation\">1000 Jahre CDU<\/span><\/a> <span dir=\"ltr\" role=\"presentation\">&#8211; Mouches Volantes, K\u00f6ln<\/span><\/li><li><span dir=\"ltr\" role=\"presentation\">Feierabend (Wo wart ihr Silvester?)<\/span> <span dir=\"ltr\" role=\"presentation\">&#8211;<\/span><br role=\"presentation\" \/><span dir=\"ltr\" role=\"presentation\">Kunstlabor2, M\u00fcnchen<\/span><\/li><\/ul><p><span dir=\"ltr\" role=\"presentation\"><b>2018<\/b><\/span><\/p><ul><li><span dir=\"ltr\" role=\"presentation\">Faith<\/span> <span dir=\"ltr\" role=\"presentation\">&#8211; Sonneundsolche, D\u00fcsseldorf<\/span><\/li><\/ul><p><span dir=\"ltr\" role=\"presentation\"><b>2017<\/b><\/span><\/p><ul><li><span dir=\"ltr\" role=\"presentation\">It was like the boys and frogs<\/span> <span dir=\"ltr\" role=\"presentation\">&#8211; Neuland,<\/span><br role=\"presentation\" \/><span dir=\"ltr\" role=\"presentation\">Bochum<\/span><\/li><\/ul>\t\t\t\t\t\t\t\t<\/div>\n\t\t\t\t<\/div>\n\t\t\t\t\t<\/div>\n\t\t<\/div>\n\t\t\t\t<div class=\"elementor-column elementor-col-33 elementor-top-column elementor-element elementor-element-661453e\" data-id=\"661453e\" data-element_type=\"column\" data-e-type=\"column\">\n\t\t\t<div class=\"elementor-widget-wrap elementor-element-populated\">\n\t\t\t\t\t\t<div class=\"elementor-element elementor-element-ee79193 elementor-widget elementor-widget-heading\" data-id=\"ee79193\" data-element_type=\"widget\" data-e-type=\"widget\" data-widget_type=\"heading.default\">\n\t\t\t\t<div class=\"elementor-widget-container\">\n\t\t\t\t\t<h3 class=\"elementor-heading-title elementor-size-default\">Gruppenausstellungen (Auswahl)<\/h3>\t\t\t\t<\/div>\n\t\t\t\t<\/div>\n\t\t\t\t<div class=\"elementor-element elementor-element-924c80e elementor-widget elementor-widget-text-editor\" data-id=\"924c80e\" data-element_type=\"widget\" data-e-type=\"widget\" data-widget_type=\"text-editor.default\">\n\t\t\t\t<div class=\"elementor-widget-container\">\n\t\t\t\t\t\t\t\t\t<p><strong>2026<\/strong><\/p><ul><li>Dionysisches Denken, Malkastenverein D\u00fcsseldorf<\/li><li>A Horse Walks Into A Bar &#8211; Alte Tankstelle Deutz, K\u00f6ln<\/li><\/ul><p><strong>2025<\/strong><\/p><ul><li>Kunstpreis Junger Westen 2025, Kunsthalle Recklinghausen<\/li><li>Ida Gerhardi F\u00f6rderpreis 2025<\/li><li>do WORRY be happy <span dir=\"ltr\" role=\"presentation\">&#8211;<\/span> Kunsthalle Barmen, Wuppertal<\/li><li>OFF THE RADAR Festival, Hamburg<\/li><li>Bergischer Kunstpreis 2025, Kunstmuseum Solingen<\/li><li>Soft Promises, Galerie Drewes, Hamburg<\/li><\/ul><p><strong>2024<\/strong><\/p><ul><li>Soft Targets: H\u00f6schl, IRWIN, Korbach<br \/>Galerie Martinetz, K\u00f6ln<\/li><li>Nur ein Wort&#8230; Ann\u00e4herung an ein Gef\u00fchl &#8211; Museum Morsbroich, Leverkusen<\/li><li>Business Class &#8211; Gold und Beton, K\u00f6ln<\/li><li>Spannungsfeld: Fu\u00dfball und Kunst &#8211; Bloom, D\u00fcsseldorf<\/li><li>Fussballkultur24 &#8211; Denk ich an dich, Europa &#8211; Dortmunder Kunstverein<\/li><\/ul><p><span dir=\"ltr\" role=\"presentation\"><b>2023<\/b><\/span><\/p><ul><li>Palmen aus Plastik &#8211; Galerie Waidspeicher, Erfurt<\/li><li>love\/love &#8211; K\u00fcnstlerhaus Dortmund<\/li><li>Opferrolle Vorw\u00e4rts &#8211; Richas Digest, K\u00f6ln<\/li><li>don&#8217;t you fear the void? &#8211; Studio for artistic research, D\u00fcsseldorf<\/li><\/ul><p><span dir=\"ltr\" role=\"presentation\"><b>2022<\/b><\/span><\/p><ul><li><span dir=\"ltr\" role=\"presentation\">Uncomfortable Friends<\/span> <span dir=\"ltr\" role=\"presentation\">&#8211; Aura Kunstraum,<\/span><br role=\"presentation\" \/><span dir=\"ltr\" role=\"presentation\">D\u00fcsseldorf<\/span><\/li><li><a href=\"https:\/\/jodykorbach.de\/werk\/2022\/03\/05\/art-germania-miami-beach-feinkunst-sprengelmuseum-hannover\/\"><span dir=\"ltr\" role=\"presentation\">Art Germania Miami Beach<\/span><\/a> <span dir=\"ltr\" role=\"presentation\">&#8211; <\/span><span dir=\"ltr\" role=\"presentation\">Feinkunst, Sprengelmuseum Hannover<\/span><\/li><li><a href=\"https:\/\/jodykorbach.de\/werk\/2022\/03\/18\/schuldiger-realismus-galerie-anton-janizewski-berlin\/\"><span dir=\"ltr\" role=\"presentation\">Schuldiger Realismus<\/span><\/a><em><span dir=\"ltr\" role=\"presentation\"> \u2013 Tannh\u00e4user <\/span><\/em><em><span dir=\"ltr\" role=\"presentation\">Kreis<\/span><\/em> <span dir=\"ltr\" role=\"presentation\">zu Gast bei Galerie Anton Janizewski, Berlin<\/span><\/li><li><a href=\"https:\/\/jodykorbach.de\/werk\/2022\/03\/19\/kappa-kappa-cringe-galerie-petra-martinetz-koeln\/\"><span dir=\"ltr\" role=\"presentation\">Kappa, Kappa, Cringe<\/span><\/a> <span dir=\"ltr\" role=\"presentation\">&#8211; Galerie Petra <\/span><span dir=\"ltr\" role=\"presentation\">Martinetz, K\u00f6ln<\/span><\/li><li><a href=\"https:\/\/jodykorbach.de\/werk\/2022\/06\/04\/gereinigt-und-gesichert-kunstraum-ortloff-leipzig\/\">Gereinigt und gesichert<\/a> &#8211; Kunstraum Ortloff, Leipzig<\/li><li><span dir=\"ltr\" role=\"presentation\"> Die Grosse 2022 &#8211; Museum Kunstpalast,<\/span><br role=\"presentation\" \/><span dir=\"ltr\" role=\"presentation\">D\u00fcsseldorf<\/span><\/li><li><a href=\"https:\/\/jodykorbach.de\/werk\/2022\/10\/06\/pedigree-neuer-kunstraum-duesseldorf-nkr\/\">Pedigree. Kunst und Klasse<\/a> &#8211; Neuer Kunstraum D\u00fcsseldorf<\/li><li>Stammtisch Papillion &#8211; Tannh\u00e4user Kreis zu Gast beim Transitfilmfest Regensburg<\/li><li>Paula Modersohn-Becker Preis, Worspwede<\/li><\/ul><p><span dir=\"ltr\" role=\"presentation\"><b>2021<\/b><\/span><\/p><ul><li><span dir=\"ltr\" role=\"presentation\">Koschatzky Art-Award 21<\/span> <span dir=\"ltr\" role=\"presentation\">&#8211; Palais<\/span><br role=\"presentation\" \/><span dir=\"ltr\" role=\"presentation\">Sch\u00f6nborn, Wien<\/span><\/li><li><span dir=\"ltr\" role=\"presentation\">Aber bitte mit Sahne<\/span> <span dir=\"ltr\" role=\"presentation\">&#8211; Galerie Golestani,<\/span><br role=\"presentation\" \/><span dir=\"ltr\" role=\"presentation\">D\u00fcsseldorf<\/span><\/li><li><span dir=\"ltr\" role=\"presentation\">In Brandenburg gibt es einen Mann, der seit<\/span><br role=\"presentation\" \/><span dir=\"ltr\" role=\"presentation\">der Wende wach ist<\/span> <span dir=\"ltr\" role=\"presentation\">&#8211; Atelier Frankfurt a.M.<\/span><\/li><li><span dir=\"ltr\" role=\"presentation\">Error Art Festival<\/span> <span dir=\"ltr\" role=\"presentation\">&#8211; Dinslaken<\/span><\/li><\/ul><p><strong>2020<\/strong><\/p><ul><li>Irgendwas geht immer ein bisschen kaputt &#8211; Atelhierhaus am Hafen, K\u00f6ln<\/li><\/ul><p><span dir=\"ltr\" role=\"presentation\"><b>2017<\/b><\/span><\/p><ul><li><span dir=\"ltr\" role=\"presentation\">work, work, work, work, work<\/span> <span dir=\"ltr\" role=\"presentation\">&#8211;<\/span><br role=\"presentation\" \/><span dir=\"ltr\" role=\"presentation\">Sonneundsolche, D\u00fcsseldorf<\/span><\/li><li><span dir=\"ltr\" role=\"presentation\">NRW.BANK Kunstpreis<\/span><span dir=\"ltr\" role=\"presentation\">, D\u00fcsseldorf<\/span><\/li><\/ul>\t\t\t\t\t\t\t\t<\/div>\n\t\t\t\t<\/div>\n\t\t\t\t\t<\/div>\n\t\t<\/div>\n\t\t\t\t<div class=\"elementor-column elementor-col-33 elementor-top-column elementor-element elementor-element-5bcd4a3\" data-id=\"5bcd4a3\" data-element_type=\"column\" data-e-type=\"column\">\n\t\t\t<div class=\"elementor-widget-wrap elementor-element-populated\">\n\t\t\t\t\t\t<div class=\"elementor-element elementor-element-2085ee0 elementor-widget elementor-widget-heading\" data-id=\"2085ee0\" data-element_type=\"widget\" data-e-type=\"widget\" data-widget_type=\"heading.default\">\n\t\t\t\t<div class=\"elementor-widget-container\">\n\t\t\t\t\t<h3 class=\"elementor-heading-title elementor-size-default\">Upcoming  &amp; Running<\/h3>\t\t\t\t<\/div>\n\t\t\t\t<\/div>\n\t\t\t\t<div class=\"elementor-element elementor-element-f31c1e5 elementor-widget elementor-widget-text-editor\" data-id=\"f31c1e5\" data-element_type=\"widget\" data-e-type=\"widget\" data-widget_type=\"text-editor.default\">\n\t\t\t\t<div class=\"elementor-widget-container\">\n\t\t\t\t\t\t\t\t\t<p>\u00a0<\/p><p><strong>Gruppenausstellungen<\/strong><\/p><div><ul><li>12.05. FBZ Art Award<\/li><li>bis 31.05. DEUTSCH! &#8211; Kunstmuseum Heidenheim<\/li><li>05.06. FIG Festival &#8211; Sofia, Bulgarien<\/li><li>04.09. Deutschland, aber normal. &#8211; Kunstverein Rotenburg<\/li><li>28.11. HNTLND &#8211; Kebbelvilla, Schwandorf<\/li><\/ul><p><strong>Einzelausstellungen<\/strong><\/p><\/div><ul><li>18.09.2026 Tisa-Preis 2026<\/li><\/ul>\t\t\t\t\t\t\t\t<\/div>\n\t\t\t\t<\/div>\n\t\t\t\t\t<\/div>\n\t\t<\/div>\n\t\t\t\t\t<\/div>\n\t\t<\/section>\n\t\t\t\t<section class=\"elementor-section elementor-top-section elementor-element elementor-element-1787497 elementor-section-boxed elementor-section-height-default elementor-section-height-default\" data-id=\"1787497\" data-element_type=\"section\" data-e-type=\"section\">\n\t\t\t\t\t\t<div class=\"elementor-container elementor-column-gap-default\">\n\t\t\t\t\t<div class=\"elementor-column elementor-col-100 elementor-top-column elementor-element elementor-element-a4eb533\" data-id=\"a4eb533\" data-element_type=\"column\" data-e-type=\"column\">\n\t\t\t<div class=\"elementor-widget-wrap elementor-element-populated\">\n\t\t\t\t\t\t<div class=\"elementor-element elementor-element-05dbd63 elementor-widget elementor-widget-text-editor\" data-id=\"05dbd63\" data-element_type=\"widget\" data-e-type=\"widget\" data-widget_type=\"text-editor.default\">\n\t\t\t\t<div class=\"elementor-widget-container\">\n\t\t\t\t\t\t\t\t\t<p>\u00a0<\/p><p>Am 05. Juni 1991 wurde ich in der Utopie Bielefelds geboren. Schon mit zwei Jahren gingen meine Eltern mit mir ins Exil nach Dortmund, wo ich vermeintlich unbeeindruckt von meiner neuen Heimat 2009 das Abitur absolvierte. Die fr\u00fche Entwurzelung trug ich in diesen Jahren stets mit mir, immer im Nicht-Ort zwischen den Fronten heimisch.<\/p><p>Mein Ziel schon in jungen Jahren vor Augen, begann ich 2010 im Alter von 19 Jahren mein <strong>Studium der freien Kunst an der Kunstakademie D\u00fcsseldorf<\/strong> hoffend, dort in einer neuen Utopie der k\u00fcnstlerischen Gemeinschaft meine unausgesprochenen Verb\u00fcndeten zu finden. Endlich an einem Ort ankommen, in dem man vollends aufgehen kann. 2011 folgte ich der Attit\u00fcde <strong>Tal R<\/strong>s und erlernte die Freuden des improvisierten Exzesses und die lapidare, \u00fcberbordende \u00c4sthetik des Trash. Doch nach zwei Jahren musste ich feststellen, dass sich die Versprechungen der Aufl\u00f6sung des Selbst in der Gemeinschaft auch in der Kunstwelt nicht einl\u00f6sten. Rivalit\u00e4ten unter den Klassen, pers\u00f6nliche Intrigen und \u201ePunks der Kunstwelt\u201c mit H\u00e9rmes Kappen und Prada Pullovern. Auch andere Ideale wurden entt\u00e4uscht und so mussten Ideen \u00fcber den eigenen \u201eErfolg\u201c und eigene \u201eZiele\u201c neu verhandelt werden. In der Klasse von Tal R als Nicht-Malerin an meine Grenzen sto\u00dfend, brach ich dort 2013 meine Zelte ab und fand auf meiner Sinnsuche in der Klasse von<strong> Christopher William<\/strong><b>s<\/b> Asyl. Dort konnte ich mein \u00e4sthetisches Fundament mit dem Zement (Concrete) der Theorie festigen und ausbauen. 2014 stand ich dennoch vor der Frage, ob ich zerbrochen an meinen Ideen und Illusionen \u00fcber meinen eingeschlagenen Lebensweg mein Studium abbrechen sollte. Das war der Moment, in dem ich an einem Samstag Nachmittag in Dortmund endlich meine Heimatstadt erkannte. An eben diesem Samstag Nachmittag am Hauptbahnhof in Dortmund stehend, zogen laute, stinkende, Menschenmassen an mir vorbei, jeder einzeln an sich eine Zumutung, unangenehm, peinlich und fragw\u00fcrdig. In der Masse jedoch, verschwand die Person mit all ihren Unzul\u00e4nglichkeiten. Alles ergab einen Sinn, einen Gemeinsinn. Das war der Moment an dem all mein Trotz und Neid und die angestaute Einsamkeit nach au\u00dfen brachen und sich in einem Entschluss verh\u00e4rteten: Das will ich auch &#8211; und ich werde es mir holen. Ich werde die Kunstakademie dazu zwingen, mir die Heimat und Gemeinschaft zu geben, die sie mir all die Jahre entsagt hat und ich werde sie dazu zwingen dabei ihrem eigenen Gestank, ihrem eigenen Lallen, ihrer eigenen Trunkenheit und ihrem eigenen Gr\u00f6\u00dfenwahn ins Gesicht zu blicken. Von diesem Entschluss getrieben gr\u00fcndete ich 2014 also den <strong><a href=\"\/wordpress\/eiskeller-export\/\"><u>EiskellerExport\u201814 \u2013 Fu\u00dfballteam der Kunstakademie D\u00fcsseldorf<\/u><\/a><\/strong><strong>.\u00a0 <\/strong><\/p><p>Es folgte der Abschluss, die Sehnsucht nach Gemeinschaft blieb, hatte sie sich doch immer noch nicht wirklich erf\u00fcllt beziehungsweise musste ich sie in dem Moment zur\u00fccklassen, als ich versuchte ihr ihr gr\u00f6\u00dftes Denkmal zu setzen. Wie also weiter machen? Fu\u00dfball schien nicht die Antwort zu sein, die Akademie als Steilvorlage war pass\u00e9.<\/p><p>Zum Gl\u00fcck hat auch das Rheinland seine Wege sich gemeinschaftlich zu bet\u00e4uben und so stolperte ich eines schicksalhaften Abends in ein Sch\u00fctzenzelt, warf meinen Blick zum anderen Ende des Festzeltes und las: <em>\u201eGlaube, Sitte, Heimat.\u201c<\/em> und ich wusste, ich hatte ein neues Gef\u00e4\u00df gefunden, in das ich mein einsames Herz aussch\u00fctten konnte. 2018 gr\u00fcndete ich also\u00a0<b><a href=\"\/wordpress\/schuetzenkorps-europa\/\" target=\"_blank\" rel=\"noopener\"><u>meinen eigenen Sch\u00fctzenverein<\/u><\/a>.<\/b>\u00a0Vielleicht w\u00fcrden ja Struktur und klare Regeln den erhofften Halt geben, den meine unruhige Seele suchte. Von Nationalismus und Aufm\u00e4rschen hatte ich aus Dortmund allerdings schon genug, weswegen in dem Sch\u00fctzenwesen noch die Europ\u00e4ische Union als Arbeitsauftrag mit an die Hand gab &#8211; und schon waren Struktur und Ordnung wieder verloren und die Gemeinschaft einmal mehr eine blo\u00dfe Behauptung, die all ihren Darsteller*innen enorme Ausdauer und Teamgeist abverlangt.<\/p><p>Doch der Glaube an das Gute bleibt, der Fu\u00dfball verschwindet schlie\u00dflich nicht aus den Herzen in die er einmal einen Treffer gelandet hat und so lebt die Hoffnung weiter, dass ich es jemals schaffen werde das darzustellen, was ich mir f\u00fcr mich selbst w\u00fcnsche und was die S\u00fcdtrib\u00fcne jeden Samstag denjenigen entgegen ruft, die es h\u00f6ren m\u00fcssen:<\/p><p>You\u2018ll never walk alone.<\/p>\t\t\t\t\t\t\t\t<\/div>\n\t\t\t\t<\/div>\n\t\t\t\t\t<\/div>\n\t\t<\/div>\n\t\t\t\t\t<\/div>\n\t\t<\/section>\n\t\t\t\t<\/div>\n\t\t","protected":false},"excerpt":{"rendered":"<p>Jody Korbach *1991 in Bielefeldaufgewachsen in Dortmundlebt und arbeitet in D\u00fcsseldorf Vertreten durch die Galerie MARTINETZ, K\u00f6ln Studium 2010-2017Studium der freien Kunst an der Kunstakademie D\u00fcsseldorf bei Tal R,Christopher Williams und Johannes Paul Raether Meistersch\u00fclerin von Christopher Williams Preise und F\u00f6rderungen 2026\u00a0Tisa-Preis 2026,Rostock Stipendium,AUFTAKT Stipendium Kunstsiftung NRW2023 Bronner Residency, Tel-Aviv Israel2022 Neustart Kultur Stipendium Kunststiftung &hellip; <\/p>\n<p class=\"link-more\"><a href=\"https:\/\/jodykorbach.de\/werk\/vita\/\" class=\"more-link\"><span class=\"screen-reader-text\">\u201eVITA\u201c<\/span> weiterlesen<\/a><\/p>\n","protected":false},"author":1,"featured_media":0,"parent":0,"menu_order":0,"comment_status":"closed","ping_status":"closed","template":"elementor_header_footer","meta":{"footnotes":""},"class_list":["post-29","page","type-page","status-publish","hentry"],"_links":{"self":[{"href":"https:\/\/jodykorbach.de\/werk\/wp-json\/wp\/v2\/pages\/29","targetHints":{"allow":["GET"]}}],"collection":[{"href":"https:\/\/jodykorbach.de\/werk\/wp-json\/wp\/v2\/pages"}],"about":[{"href":"https:\/\/jodykorbach.de\/werk\/wp-json\/wp\/v2\/types\/page"}],"author":[{"embeddable":true,"href":"https:\/\/jodykorbach.de\/werk\/wp-json\/wp\/v2\/users\/1"}],"replies":[{"embeddable":true,"href":"https:\/\/jodykorbach.de\/werk\/wp-json\/wp\/v2\/comments?post=29"}],"version-history":[{"count":269,"href":"https:\/\/jodykorbach.de\/werk\/wp-json\/wp\/v2\/pages\/29\/revisions"}],"predecessor-version":[{"id":1746,"href":"https:\/\/jodykorbach.de\/werk\/wp-json\/wp\/v2\/pages\/29\/revisions\/1746"}],"wp:attachment":[{"href":"https:\/\/jodykorbach.de\/werk\/wp-json\/wp\/v2\/media?parent=29"}],"curies":[{"name":"wp","href":"https:\/\/api.w.org\/{rel}","templated":true}]}}